{"id":3,"date":"2024-11-15T22:48:54","date_gmt":"2024-11-15T22:48:54","guid":{"rendered":"https:\/\/kvarda.webdemo.cz\/?page_id=3"},"modified":"2024-12-03T15:17:28","modified_gmt":"2024-12-03T15:17:28","slug":"ochrana-osobnich-udaju","status":"publish","type":"page","link":"https:\/\/kvarda.webdemo.cz\/index.php\/ochrana-osobnich-udaju\/","title":{"rendered":"Ochrana osobn\u00edch \u00fadaj\u016f"},"content":{"rendered":"<p>[et_pb_section fb_built=&#8220;1&#8243; admin_label=&#8220;Products&#8220; _builder_version=&#8220;4.27.3&#8243; _module_preset=&#8220;43120a47-ac25-4556-9e83-b6ee1241d9e7&#8243; background_color=&#8220;#f9f9f9&#8243; collapsed=&#8220;on&#8220; global_colors_info=&#8220;{}&#8220; theme_builder_area=&#8220;post_content&#8220;][et_pb_row custom_padding_last_edited=&#8220;on|desktop&#8220; _builder_version=&#8220;4.27.3&#8243; _module_preset=&#8220;default&#8220; background_color=&#8220;gcid-de749df5-82d7-4bad-ba2b-a56855f698d2&#8243; custom_padding=&#8220;40px|40px|40px|40px|true|true&#8220; custom_padding_tablet=&#8220;30px|30px|30px|30px|true|true&#8220; custom_padding_phone=&#8220;20px|20px|20px|20px|true|true&#8220; border_radii=&#8220;on|20px|20px|20px|20px&#8220; global_colors_info=&#8220;{%22gcid-de749df5-82d7-4bad-ba2b-a56855f698d2%22:%91%22background_color%22%93}&#8220; theme_builder_area=&#8220;post_content&#8220;][et_pb_column type=&#8220;4_4&#8243; _builder_version=&#8220;4.22.0&#8243; _module_preset=&#8220;default&#8220; global_colors_info=&#8220;{}&#8220; theme_builder_area=&#8220;post_content&#8220;][et_pb_heading title=&#8220;Ochrana osobn\u00edch \u00fadaj\u016f&#8220; _builder_version=&#8220;4.27.3&#8243; _module_preset=&#8220;3059f0cd-dd98-46bd-9993-c9073a6813d5&#8243; title_font=&#8220;Anybody||||||||&#8220; title_text_align=&#8220;center&#8220; title_font_size=&#8220;73px&#8220; custom_margin=&#8220;||10px||false|false&#8220; hover_enabled=&#8220;0&#8243; global_colors_info=&#8220;{}&#8220; theme_builder_area=&#8220;post_content&#8220; sticky_enabled=&#8220;0&#8243;][\/et_pb_heading][et_pb_text _builder_version=&#8220;4.27.3&#8243; _module_preset=&#8220;791cfa8c-2be5-4c32-ac87-50280fcbc4ed&#8220; text_font=&#8220;||||||||&#8220; width=&#8220;80%&#8220; width_tablet=&#8220;100%&#8220; width_phone=&#8220;100%&#8220; width_last_edited=&#8220;on|desktop&#8220; module_alignment=&#8220;center&#8220; hover_enabled=&#8220;0&#8243; global_colors_info=&#8220;{}&#8220; theme_builder_area=&#8220;post_content&#8220; sticky_enabled=&#8220;0&#8243;]<\/p>\n<p style=\"text-align: center;\"><strong>I. Z\u00e1kladn\u00ed ustanoven\u00ed<\/strong><\/p>\n<ol>\n<li>Spr\u00e1vcem osobn\u00edch \u00fadaj\u016f podle \u010dl. 4 bod 7 na\u0159\u00edzen\u00ed Evropsk\u00e9ho parlamentu a Rady (EU) 2016\/679 o ochran\u011b fyzick\u00fdch osob v souvislosti se zpracov\u00e1n\u00edm osobn\u00edch \u00fadaj\u016f a o voln\u00e9m pohybu t\u011bchto \u00fadaj\u016f (d\u00e1le jen: \u201e<span>GDPR<\/span>\u201d) je <strong>KVARDA spol. s r.o.<\/strong>, I\u010c <strong>64830861 <\/strong>se s\u00eddlem <strong>Plzeneck\u00e1 220\/2, V\u00fdchodn\u00ed P\u0159edm\u011bst\u00ed, 326 00 Plze\u0148 <\/strong>\u201dd\u00e1le jen: \u201e<span>spr\u00e1vce<\/span>&#8222;).<\/li>\n<li>Osobn\u00edmi \u00fadaji se rozum\u00ed ve\u0161ker\u00e9 informace o identifikovan\u00e9 nebo identifikovateln\u00e9 fyzick\u00e9 osob\u011b; identifikovatelnou fyzickou osobou je fyzick\u00e1 osoba, kterou lze p\u0159\u00edmo \u010di nep\u0159\u00edmo identifikovat, zejm\u00e9na odkazem na ur\u010dit\u00fd identifik\u00e1tor, nap\u0159\u00edklad jm\u00e9no, identifika\u010dn\u00ed \u010d\u00edslo, loka\u010dn\u00ed \u00fadaje, s\u00ed\u0165ov\u00fd identifik\u00e1tor nebo na jeden \u010di v\u00edce zvl\u00e1\u0161tn\u00edch prvk\u016f fyzick\u00e9, fyziologick\u00e9, genetick\u00e9, psychick\u00e9, ekonomick\u00e9, kulturn\u00ed nebo spole\u010densk\u00e9 identity t\u00e9to fyzick\u00e9 osoby.<\/li>\n<li>Spr\u00e1vce nejmenoval pov\u011b\u0159ence pro ochranu osobn\u00edch \u00fadaj\u016f.<\/li>\n<\/ol>\n<p>&nbsp;<\/p>\n<p style=\"text-align: center;\"><strong>II. Zdroje a kategorie zpracov\u00e1van\u00fdch osobn\u00edch \u00fadaj\u016f<\/strong><\/p>\n<ol>\n<li>Spr\u00e1vce zpracov\u00e1v\u00e1 osobn\u00ed \u00fadaje, kter\u00e9 jste mu poskytl\/a nebo osobn\u00ed \u00fadaje, kter\u00e9 spr\u00e1vce z\u00edskal na z\u00e1klad\u011b pln\u011bn\u00ed Va\u0161\u00ed objedn\u00e1vky.<\/li>\n<li>Spr\u00e1vce zpracov\u00e1v\u00e1 Va\u0161e identifika\u010dn\u00ed a kontaktn\u00ed \u00fadaje a \u00fadaje nezbytn\u00e9 pro pln\u011bn\u00ed smlouvy.<\/li>\n<\/ol>\n<p style=\"text-align: center;\"><strong><\/strong><\/p>\n<p style=\"text-align: center;\"><strong>III. Z\u00e1konn\u00fd d\u016fvod a \u00fa\u010del zpracov\u00e1n\u00ed osobn\u00edch \u00fadaj\u016f<\/strong><\/p>\n<ol>\n<li>Z\u00e1konn\u00fdm d\u016fvodem zpracov\u00e1n\u00ed osobn\u00edch \u00fadaj\u016f je<\/li>\n<\/ol>\n<ul>\n<li>pln\u011bn\u00ed smlouvy mezi V\u00e1mi a spr\u00e1vcem podle \u010dl. 6 odst. 1 p\u00edsm. b) GDPR,<\/li>\n<li>opr\u00e1vn\u011bn\u00fd z\u00e1jem spr\u00e1vce na poskytov\u00e1n\u00ed p\u0159\u00edm\u00e9ho marketingu (zejm\u00e9na pro zas\u00edl\u00e1n\u00ed obchodn\u00edch sd\u011blen\u00ed a newsletter\u016f) podle \u010dl. 6 odst. 1 p\u00edsm. f) GDPR,<\/li>\n<li>V\u00e1\u0161 souhlas se zpracov\u00e1n\u00edm pro \u00fa\u010dely poskytov\u00e1n\u00ed p\u0159\u00edm\u00e9ho marketingu (zejm\u00e9na pro zas\u00edl\u00e1n\u00ed obchodn\u00edch sd\u011blen\u00ed a newsletter\u016f) podle \u010dl. 6 odst. 1 p\u00edsm. a) GDPR ve spojen\u00ed s \u00a7 7 odst. 2 z\u00e1kona \u010d. 480\/2004 Sb., o n\u011bkter\u00fdch slu\u017eb\u00e1ch informa\u010dn\u00ed spole\u010dnosti v p\u0159\u00edpad\u011b, \u017ee nedo\u0161lo k objedn\u00e1vce zbo\u017e\u00ed nebo slu\u017eby.<\/li>\n<\/ul>\n<ol start=\"2\">\n<li>\u00da\u010delem zpracov\u00e1n\u00ed osobn\u00edch \u00fadaj\u016f je<\/li>\n<\/ol>\n<ul>\n<li>vy\u0159\u00edzen\u00ed Va\u0161\u00ed objedn\u00e1vky a v\u00fdkon pr\u00e1v a povinnost\u00ed vypl\u00fdvaj\u00edc\u00edch ze smluvn\u00edho vztahu mezi V\u00e1mi a spr\u00e1vcem; p\u0159i objedn\u00e1vce jsou vy\u017eadov\u00e1ny osobn\u00ed \u00fadaje, kter\u00e9 jsou nutn\u00e9 pro \u00fasp\u011b\u0161n\u00e9 vy\u0159\u00edzen\u00ed objedn\u00e1vky (jm\u00e9no a adresa, kontakt), poskytnut\u00ed osobn\u00edch \u00fadaj\u016f je nutn\u00fdm po\u017eadavkem pro uzav\u0159en\u00ed a pln\u011bn\u00ed smlouvy, bez poskytnut\u00ed osobn\u00edch \u00fadaj\u016f nen\u00ed mo\u017en\u00e9 smlouvu uzav\u0159\u00edt \u010di j\u00ed ze strany spr\u00e1vce plnit,<\/li>\n<\/ul>\n<ol start=\"3\">\n<li>Ze strany spr\u00e1vce nedoch\u00e1z\u00ed k automatick\u00e9mu individu\u00e1ln\u00edmu rozhodov\u00e1n\u00ed ve smyslu \u010dl. 22 GDPR.<span><\/span><\/li>\n<\/ol>\n<p>&nbsp;<\/p>\n<p style=\"text-align: center;\"><strong>IV. Doba uchov\u00e1v\u00e1n\u00ed \u00fadaj\u016f<\/strong><\/p>\n<ol>\n<li>Spr\u00e1vce uchov\u00e1v\u00e1 osobn\u00ed \u00fadaje<\/li>\n<\/ol>\n<ul>\n<li>po dobu nezbytnou k v\u00fdkonu pr\u00e1v a povinnost\u00ed vypl\u00fdvaj\u00edc\u00edch ze smluvn\u00edho vztahu mezi V\u00e1mi a spr\u00e1vcem a uplat\u0148ov\u00e1n\u00ed n\u00e1rok\u016f z t\u011bchto smluvn\u00edch vztah\u016f (po dobu 15 let od ukon\u010den\u00ed smluvn\u00edho vztahu).<\/li>\n<li>po dobu, ne\u017e je odvol\u00e1n souhlas se zpracov\u00e1n\u00edm osobn\u00edch \u00fadaj\u016f pro \u00fa\u010dely marketingu, nejd\u00e9le 15 let, jsou-li osobn\u00ed \u00fadaje zpracov\u00e1v\u00e1ny na z\u00e1klad\u011b souhlasu.<\/li>\n<\/ul>\n<ol start=\"2\">\n<li>Po uplynut\u00ed doby uchov\u00e1v\u00e1n\u00ed osobn\u00edch \u00fadaj\u016f spr\u00e1vce osobn\u00ed \u00fadaje vyma\u017ee.<\/li>\n<\/ol>\n<p>&nbsp;<\/p>\n<p style=\"text-align: center;\"><strong>V. P\u0159\u00edjemci osobn\u00edch \u00fadaj\u016f (subdodavatel\u00e9 spr\u00e1vce)<\/strong><\/p>\n<ol>\n<li>P\u0159\u00edjemci osobn\u00edch \u00fadaj\u016f jsou osoby<\/li>\n<\/ol>\n<ul>\n<li>pod\u00edlej\u00edc\u00ed se na dod\u00e1n\u00ed zbo\u017e\u00ed \/ slu\u017eeb \/ realizaci plateb na z\u00e1klad\u011b smlouvy,<\/li>\n<\/ul>\n<ol start=\"2\">\n<li>Spr\u00e1vce nem\u00e1 v \u00famyslu p\u0159edat osobn\u00ed \u00fadaje do t\u0159et\u00ed zem\u011b (do zem\u011b mimo EU) nebo mezin\u00e1rodn\u00ed organizaci.<\/li>\n<\/ol>\n<p>&nbsp;<\/p>\n<p style=\"text-align: center;\"><strong>VI. COOKIES<\/strong><\/p>\n<ol>\n<li>Na na\u0161ich internetov\u00fdch str\u00e1nk\u00e1ch pou\u017e\u00edv\u00e1me soubory \u201ecookies&#8220; proto, abychom n\u00e1v\u0161t\u011bvn\u00edk\u016fm poskytli v\u011bt\u0161\u00ed pohodl\u00ed p\u0159i jejich prohl\u00ed\u017een\u00ed. Soubory \u201ecookies&#8220; (v doslovn\u00e9m p\u0159ekladu \u201esu\u0161enky&#8220;) jsou mal\u00e9 textov\u00e9 soubory, kter\u00e9 Internetov\u00e9 Str\u00e1nky vytvo\u0159\u00ed ve Va\u0161em za\u0159\u00edzen\u00ed v moment\u011b, kdy na n\u011b vstoup\u00edte.<\/li>\n<li>Na\u0161e internetov\u00e9 str\u00e1nky pou\u017e\u00edvaj\u00ed jak tzv. \u201esession cookies&#8220;, tak i tzv. \u201epersistent cookies&#8220;.<\/li>\n<\/ol>\n<ul>\n<li>Session cookies umo\u017e\u0148uj\u00ed listovat jednotliv\u00fdmi z\u00e1lo\u017ekami na\u0161ich str\u00e1nek a pamatuj\u00ed si jakoukoliv informaci, kterou zde zad\u00e1te. Session cookie se automaticky sma\u017ee v okam\u017eiku, kdy prohl\u00ed\u017ee\u010d zav\u0159ete, nebo kr\u00e1tce pot\u00e9.<\/li>\n<li>Persistent cookies umo\u017e\u0148uj\u00ed t\u011bmto internetov\u00fdm str\u00e1nk\u00e1m pamatovat si Va\u0161e preference a nastaven\u00ed pro Va\u0161i p\u0159\u00ed\u0161t\u00ed n\u00e1v\u0161t\u011bvu a d\u00edky nim se nap\u0159. nemus\u00edte neust\u00e1le p\u0159ihla\u0161ovat. Persistent cookies po ur\u010dit\u00e9m nastaven\u00e9m \u010dase automaticky vypr\u0161\u00ed.<\/li>\n<\/ul>\n<ol start=\"3\">\n<li>Na\u0161e internetov\u00e9 str\u00e1nky pou\u017e\u00edvaj\u00ed cookies, kter\u00e9:<\/li>\n<\/ol>\n<ul>\n<li>zlep\u0161uj\u00ed v\u00fdkon Internetov\u00fdch Str\u00e1nek t\u00edm, \u017ee sb\u00edraj\u00ed informace o zp\u016fsobu, jak\u00fdm je n\u00e1v\u0161t\u011bvn\u00edci pou\u017e\u00edvaj\u00ed (nap\u0159. kter\u00e9 z\u00e1lo\u017eky jsou nejv\u00edce nav\u0161t\u011bvovan\u00e9).<\/li>\n<li>zvy\u0161uj\u00ed funk\u010dnost Internetov\u00fdch Str\u00e1nek a p\u0159ibli\u017euj\u00ed je V\u00e1m t\u00edm, \u017ee n\u00e1m umo\u017e\u0148uj\u00ed si pamatovat Va\u0161e d\u0159\u00edv\u011bj\u0161\u00ed volby. Tyto informace nicm\u00e9n\u011b nejsou pou\u017e\u00edv\u00e1ny k Va\u0161\u00ed identifikaci ani k zapamatov\u00e1n\u00ed si toho, kde jste na internetu byli.<\/li>\n<li>umo\u017e\u0148uj\u00ed n\u011bkter\u00fdm n\u00e1stroj\u016fm pracovat, poskytuj\u00ed opat\u0159en\u00ed proti spam\u016fm a tak\u00e9 p\u0159\u00edstup k v\u011bkov\u011b omezen\u00e9mu obsahu; a<\/li>\n<li>umo\u017e\u0148uj\u00ed n\u011bkter\u00fdm na\u0161im dodavatel\u016fm poskytovat slu\u017eby, kter\u00e9 ve vztahu k Internetov\u00fdm Str\u00e1nk\u00e1m poskytuj\u00ed v na\u0161em zastoupen\u00ed.<\/li>\n<\/ul>\n<ol start=\"4\">\n<li>\u201eCookies&#8220; nejsou viry. Jsou to pouze textov\u00e9 soubory, kter\u00e9 neobsahuj\u00ed \u017e\u00e1dn\u00fd program a vzhledem k tomu se ani nedaj\u00ed spustit jako program. Soubor \u201ecookies&#8220; se nem\u016f\u017ee s\u00e1m kop\u00edrovat a rozes\u00edlat po internetov\u00e9 s\u00edti. V\u00e1\u0161 internetov\u00fd prohl\u00ed\u017ee\u010d je v\u0161ak p\u0159i ka\u017ed\u00e9 n\u00e1v\u0161t\u011bv\u011b ode\u0161le Internetov\u00e9 Str\u00e1nce, ke kter\u00e9 pat\u0159\u00ed, a ta se pak v internetov\u00e9m prohl\u00ed\u017ee\u010di zobraz\u00ed ve Va\u0161em nastaven\u00ed.<\/li>\n<li>Pomoc\u00ed soubor\u016f \u201ecookies&#8220; dok\u00e1\u017eeme v obecn\u00e9 rovin\u011b tak\u00e9 zaznamen\u00e1vat statistick\u00e9 \u00fadaje o chov\u00e1n\u00ed n\u00e1v\u0161t\u011bvn\u00edka t\u011bchto Internetov\u00fdch Str\u00e1nek. D\u00edky tomu je m\u016f\u017eeme c\u00edlen\u011b p\u0159izp\u016fsobovat Va\u0161im z\u00e1jm\u016fm a po\u017eadavk\u016fm.<\/li>\n<li>\u201eCookies&#8220; n\u00e1m pom\u00e1haj\u00ed p\u0159i identifikaci zvl\u00e1\u0161\u0165 popul\u00e1rn\u00ed \u010di probl\u00e9mov\u00e9 \u010d\u00e1sti Internetov\u00fdch Str\u00e1nek, nen\u00ed je ale mo\u017en\u00e9 spojit s konkr\u00e9tn\u00edm u\u017eivatelem.<\/li>\n<li>Soubory \u201ecookies&#8220; d\u00e1le vyu\u017e\u00edv\u00e1me i pro \u00fa\u010dely Va\u0161\u00ed autentizace, tedy pro to, abychom jejich prost\u0159ednictv\u00edm eliminovali nutnost zad\u00e1v\u00e1n\u00ed identifika\u010dn\u00edch \u00fadaj\u016f o Va\u0161\u00ed osob\u011b p\u0159i ka\u017ed\u00e9m dal\u0161\u00edm Va\u0161em vstupu na Internetov\u00e9 Str\u00e1nky. Sou\u010dasn\u011b je pou\u017e\u00edv\u00e1me i pro \u00fa\u010dely uzp\u016fsoben\u00ed Internetov\u00fdch Str\u00e1nek dle Va\u0161ich pot\u0159eb, tedy nap\u0159. pro to, aby se V\u00e1m Internetov\u00e9 Str\u00e1nky nad\u00e1le zobrazovaly ve V\u00e1mi zvolen\u00e9m jazyce \u010di v ur\u010dit\u00e9 grafick\u00e9 \u00faprav\u011b.<\/li>\n<li>Tyto Internetov\u00e9 Str\u00e1nky si samoz\u0159ejm\u011b m\u016f\u017eete prohl\u00ed\u017eet i bez soubor\u016f \u201ecookies&#8220;, je v\u0161ak mo\u017en\u00e9, \u017ee n\u011bkter\u00e9 jejich funk\u010dnosti budou omezen\u00e9 a komfort pou\u017e\u00edv\u00e1n\u00ed se sn\u00ed\u017e\u00ed. V\u011bt\u0161ina prohl\u00ed\u017ee\u010d\u016f tyto soubory akceptuje automaticky, jejich ukl\u00e1d\u00e1n\u00ed je v\u0161ak mo\u017eno zabr\u00e1nit tak, \u017ee v nastaven\u00edch prohl\u00ed\u017ee\u010de zvol\u00edte mo\u017enost \u201eneakceptovat cookies&#8220;. Soubory \u201ecookies&#8220;, kter\u00e9 se na Va\u0161em za\u0159\u00edzen\u00ed ji\u017e ulo\u017eily, m\u016f\u017eete tak\u00e9 kdykoliv vymazat. P\u0159esn\u00e9 nastaven\u00ed t\u00e9to funkce zjist\u00edte pomoc\u00ed \u201en\u00e1pov\u011bdy &#8220; Va\u0161eho prohl\u00ed\u017ee\u010de.<\/li>\n<li>Pou\u017e\u00edv\u00e1n\u00edm Internetov\u00fdch Str\u00e1nek vyjad\u0159ujete souhlas s pou\u017eit\u00edm soubor\u016f \u201ecookies&#8220; v\u00fd\u0161e uveden\u00fdm zp\u016fsobem.<\/li>\n<\/ol>\n<p>&nbsp;<\/p>\n<p style=\"text-align: center;\"><strong>VII. Va\u0161e pr\u00e1va<\/strong><\/p>\n<ol>\n<li>Za podm\u00ednek stanoven\u00fdch v GDPR m\u00e1te<\/li>\n<\/ol>\n<ul>\n<li>pr\u00e1vo na p\u0159\u00edstup ke sv\u00fdm osobn\u00edm \u00fadaj\u016fm dle \u010dl. 15 GDPR,<\/li>\n<li>pr\u00e1vo na opravu osobn\u00edch \u00fadaj\u016f dle \u010dl. 16 GDPR, pop\u0159\u00edpad\u011b omezen\u00ed zpracov\u00e1n\u00ed dle \u010dl. 18 GDPR.<\/li>\n<li>pr\u00e1vo na v\u00fdmaz osobn\u00edch \u00fadaj\u016f dle \u010dl. 17 GDPR.<\/li>\n<li>pr\u00e1vo vzn\u00e9st n\u00e1mitku proti zpracov\u00e1n\u00ed dle \u010dl. 21 GDPR a<\/li>\n<li>pr\u00e1vo na p\u0159enositelnost \u00fadaj\u016f dle \u010dl. 20 GDPR.<\/li>\n<li>pr\u00e1vo odvolat souhlas se zpracov\u00e1n\u00edm p\u00edsemn\u011b nebo elektronicky na adresu nebo email spr\u00e1vce uveden\u00fd v \u010dl. III t\u011bchto podm\u00ednek.<\/li>\n<\/ul>\n<ol start=\"2\">\n<li>D\u00e1le m\u00e1te pr\u00e1vo podat st\u00ed\u017enost u \u00da\u0159adu pro ochranu osobn\u00edch \u00fadaj\u016f v p\u0159\u00edpad\u011b, \u017ee se domn\u00edv\u00e1te, \u017ee bylo poru\u0161eno Va\u0161e pr\u00e1vo na ochranu osobn\u00edch \u00fadaj\u016f.<\/li>\n<\/ol>\n<p>&nbsp;<\/p>\n<p style=\"text-align: center;\"><strong>VIII. Podm\u00ednky zabezpe\u010den\u00ed osobn\u00edch \u00fadaj\u016f<\/strong><\/p>\n<ol>\n<li>Spr\u00e1vce prohla\u0161uje, \u017ee p\u0159ijal ve\u0161ker\u00e1 vhodn\u00e1 technick\u00e1 a organiza\u010dn\u00ed opat\u0159en\u00ed k zabezpe\u010den\u00ed osobn\u00edch \u00fadaj\u016f.<\/li>\n<li>Spr\u00e1vce p\u0159ijal technick\u00e1 opat\u0159en\u00ed k zabezpe\u010den\u00ed datov\u00fdch \u00falo\u017ei\u0161\u0165 a \u00falo\u017ei\u0161\u0165 osobn\u00edch \u00fadaj\u016f v listinn\u00e9 podob\u011b, zejm\u00e9na pomoc\u00ed hesla, antivirov\u00e9ho programu a z\u00e1loh.<\/li>\n<li>Spr\u00e1vce prohla\u0161uje, \u017ee k osobn\u00edm \u00fadaj\u016fm maj\u00ed p\u0159\u00edstup pouze j\u00edm pov\u011b\u0159en\u00e9 osoby.<\/li>\n<\/ol>\n<p>&nbsp;<\/p>\n<p style=\"text-align: center;\"><strong>IX. Z\u00e1v\u011bre\u010dn\u00e1 ustanoven\u00ed<\/strong><\/p>\n<ol>\n<li>Odesl\u00e1n\u00edm objedn\u00e1vky z internetov\u00e9ho objedn\u00e1vkov\u00e9ho formul\u00e1\u0159e potvrzujete, \u017ee jste sezn\u00e1men\/a s podm\u00ednkami ochrany osobn\u00edch \u00fadaj\u016f a \u017ee je v cel\u00e9m rozsahu p\u0159ij\u00edm\u00e1te.<\/li>\n<li>S t\u011bmito podm\u00ednkami souhlas\u00edte za\u0161krtnut\u00edm souhlasu prost\u0159ednictv\u00edm internetov\u00e9ho formul\u00e1\u0159e. Za\u0161krtnut\u00edm souhlasu potvrzujete, \u017ee jste sezn\u00e1men\/a s podm\u00ednkami ochrany osobn\u00edch \u00fadaj\u016f a \u017ee je v cel\u00e9m rozsahu p\u0159ij\u00edm\u00e1te.<\/li>\n<li>Spr\u00e1vce je opr\u00e1vn\u011bn tyto podm\u00ednky zm\u011bnit. Novou verzi podm\u00ednek ochrany osobn\u00edch \u00fadaj\u016f zve\u0159ejn\u00ed na sv\u00fdch internetov\u00fdch str\u00e1nk\u00e1ch a z\u00e1rove\u0148 V\u00e1m za\u0161le novou verzi t\u011bchto podm\u00ednek Va\u0161i e-mailovou adresu, kterou jste spr\u00e1vci poskytl\/a.<\/li>\n<\/ol>\n<p style=\"text-align: center;\">Tyto podm\u00ednky nab\u00fdvaj\u00ed \u00fa\u010dinnosti dnem 1.1.2024.<\/p>\n<p>[\/et_pb_text][\/et_pb_column][\/et_pb_row][\/et_pb_section][et_pb_section fb_built=&#8220;1&#8243; make_equal=&#8220;on&#8220; use_custom_gutter=&#8220;on&#8220; gutter_width=&#8220;2&#8243; specialty=&#8220;on&#8220; bg_img_2=&#8220;https:\/\/kvarda.webdemo.cz\/wp-content\/uploads\/2024\/11\/fotky-2013-1113.jpg&#8220; background_position_2=&#8220;center_right&#8220; background_horizontal_offset_2=&#8220;32%&#8220; custom_css_main_2=&#8220;border-radius: 20px;&#8220; admin_label=&#8220;Features&#8220; _builder_version=&#8220;4.27.3&#8243; _module_preset=&#8220;default&#8220; background_color=&#8220;gcid-1ceede91-71be-464b-930c-ee204c722893&#8243; collapsed=&#8220;on&#8220; global_colors_info=&#8220;{%22gcid-1ceede91-71be-464b-930c-ee204c722893%22:%91%22background_color%22%93}&#8220; theme_builder_area=&#8220;post_content&#8220;][et_pb_column type=&#8220;2_3&#8243; specialty_columns=&#8220;2&#8243; _builder_version=&#8220;4.16&#8243; custom_padding=&#8220;|||&#8220; global_colors_info=&#8220;{}&#8220; custom_padding__hover=&#8220;|||&#8220; theme_builder_area=&#8220;post_content&#8220;][et_pb_row_inner custom_padding_last_edited=&#8220;on|desktop&#8220; _builder_version=&#8220;4.25.1&#8243; _module_preset=&#8220;default&#8220; background_color=&#8220;gcid-primary-color&#8220; custom_padding=&#8220;40px|40px|0px|40px|false|true&#8220; custom_padding_tablet=&#8220;30px|30px||30px|false|true&#8220; custom_padding_phone=&#8220;20px|20px||20px|false|true&#8220; border_radii=&#8220;off|20px|20px||&#8220; global_colors_info=&#8220;{%22gcid-primary-color%22:%91%22background_color%22%93}&#8220; theme_builder_area=&#8220;post_content&#8220;][et_pb_column_inner saved_specialty_column_type=&#8220;2_3&#8243; _builder_version=&#8220;4.22.0&#8243; _module_preset=&#8220;default&#8220; global_colors_info=&#8220;{}&#8220; theme_builder_area=&#8220;post_content&#8220;][et_pb_heading title=&#8220;Na\u0161e prodejny&#8220; _builder_version=&#8220;4.27.3&#8243; _module_preset=&#8220;3059f0cd-dd98-46bd-9993-c9073a6813d5&#8243; title_level=&#8220;h2&#8243; global_colors_info=&#8220;{}&#8220; theme_builder_area=&#8220;post_content&#8220;][\/et_pb_heading][et_pb_divider color=&#8220;#000000&#8243; _builder_version=&#8220;4.25.1&#8243; _module_preset=&#8220;default&#8220; global_colors_info=&#8220;{}&#8220; theme_builder_area=&#8220;post_content&#8220;][\/et_pb_divider][\/et_pb_column_inner][\/et_pb_row_inner][et_pb_row_inner column_structure=&#8220;1_2,1_2&#8243; custom_padding_last_edited=&#8220;on|desktop&#8220; _builder_version=&#8220;4.27.3&#8243; _module_preset=&#8220;default&#8220; background_color=&#8220;#f9f9f9&#8243; custom_padding=&#8220;|40px|40px|40px|false|true&#8220; custom_padding_tablet=&#8220;|30px|30px|30px|false|true&#8220; custom_padding_phone=&#8220;|20px|20px|20px|false|true&#8220; border_radii=&#8220;off|||20px|20px&#8220; global_colors_info=&#8220;{%22gcid-primary-color%22:%91%22background_color%22%93}&#8220; theme_builder_area=&#8220;post_content&#8220;][et_pb_column_inner type=&#8220;1_2&#8243; saved_specialty_column_type=&#8220;2_3&#8243; _builder_version=&#8220;4.27.3&#8243; _module_preset=&#8220;default&#8220; background_color=&#8220;#f9f9f9&#8243; global_colors_info=&#8220;{}&#8220; theme_builder_area=&#8220;post_content&#8220;][et_pb_blurb title=&#8220;Prodejna Plze\u0148&#8220; use_icon=&#8220;on&#8220; font_icon=&#8220;&#xf54f;||fa||900&#8243; icon_color=&#8220;#000000&#8243; _builder_version=&#8220;4.27.3&#8243; _module_preset=&#8220;ecd70c30-dfa2-42fd-b8d2-d421f9f9176c&#8220; global_colors_info=&#8220;{}&#8220; theme_builder_area=&#8220;post_content&#8220;]<\/p>\n<p><strong>Plzeneck\u00e1 220\/2, 32600 Plze\u0148, V\u00fdchodn\u00ed P\u0159edm\u011bst\u00ed<\/strong><\/p>\n<p>Telefon:<span>\u00a0<\/span><a href=\"tel:+420377240742\">+420 377 240 742<\/a><br \/>Email:<span>\u00a0<\/span><a href=\"mailto:info@reznictviukvardu.cz\">info@reznictviukvardu.cz<\/a><\/p>\n<p>[\/et_pb_blurb][dsm_business_hours _builder_version=&#8220;4.27.3&#8243; _module_preset=&#8220;default&#8220; max_width=&#8220;84%&#8220; global_colors_info=&#8220;{}&#8220; theme_builder_area=&#8220;post_content&#8220;][dsm_business_hours_child time=&#8220;07:00 &#8211; 18:00&#8243; title=&#8220;Pond\u011bl\u00ed&#8220; _builder_version=&#8220;4.27.3&#8243; _module_preset=&#8220;default&#8220; global_colors_info=&#8220;{}&#8220; theme_builder_area=&#8220;post_content&#8220;][\/dsm_business_hours_child][dsm_business_hours_child time=&#8220;07:00 &#8211; 18:00&#8243; title=&#8220;\u00dater\u00fd&#8220; _builder_version=&#8220;4.27.3&#8243; _module_preset=&#8220;default&#8220; global_colors_info=&#8220;{}&#8220; theme_builder_area=&#8220;post_content&#8220;][\/dsm_business_hours_child][dsm_business_hours_child time=&#8220;07:00 &#8211; 18:00&#8243; title=&#8220;St\u0159eda&#8220; _builder_version=&#8220;4.27.3&#8243; _module_preset=&#8220;default&#8220; global_colors_info=&#8220;{}&#8220; theme_builder_area=&#8220;post_content&#8220;][\/dsm_business_hours_child][dsm_business_hours_child time=&#8220;07:00 &#8211; 18:00&#8243; title=&#8220;\u010ctvrtek&#8220; _builder_version=&#8220;4.27.3&#8243; _module_preset=&#8220;default&#8220; global_colors_info=&#8220;{}&#8220; theme_builder_area=&#8220;post_content&#8220;][\/dsm_business_hours_child][dsm_business_hours_child time=&#8220;07:00 &#8211; 18:00&#8243; title=&#8220;P\u00e1tek&#8220; _builder_version=&#8220;4.27.3&#8243; _module_preset=&#8220;default&#8220; global_colors_info=&#8220;{}&#8220; theme_builder_area=&#8220;post_content&#8220;][\/dsm_business_hours_child][dsm_business_hours_child time=&#8220;07:00 &#8211; 12:00&#8243; title=&#8220;Sobota&#8220; _builder_version=&#8220;4.27.3&#8243; _module_preset=&#8220;default&#8220; global_colors_info=&#8220;{}&#8220; theme_builder_area=&#8220;post_content&#8220;][\/dsm_business_hours_child][dsm_business_hours_child time=&#8220;Zav\u0159eno&#8220; title=&#8220;Ned\u011ble&#8220; _builder_version=&#8220;4.27.3&#8243; _module_preset=&#8220;default&#8220; global_colors_info=&#8220;{}&#8220; theme_builder_area=&#8220;post_content&#8220;][\/dsm_business_hours_child][\/dsm_business_hours][dsm_business_hours _builder_version=&#8220;4.27.3&#8243; _module_preset=&#8220;default&#8220; global_colors_info=&#8220;{}&#8220; theme_builder_area=&#8220;post_content&#8220;][\/dsm_business_hours][\/et_pb_column_inner][et_pb_column_inner type=&#8220;1_2&#8243; saved_specialty_column_type=&#8220;2_3&#8243; _builder_version=&#8220;4.22.0&#8243; _module_preset=&#8220;default&#8220; global_colors_info=&#8220;{}&#8220; theme_builder_area=&#8220;post_content&#8220;][et_pb_blurb title=&#8220;Prodejna Praha&#8220; use_icon=&#8220;on&#8220; font_icon=&#8220;&#xf54f;||fa||900&#8243; icon_color=&#8220;#000000&#8243; _builder_version=&#8220;4.27.3&#8243; _module_preset=&#8220;ecd70c30-dfa2-42fd-b8d2-d421f9f9176c&#8220; locked=&#8220;off&#8220; global_colors_info=&#8220;{}&#8220; theme_builder_area=&#8220;post_content&#8220;]<\/p>\n<p><span><strong>Starostra\u0161nick\u00e1 999, 100 00 Stra\u0161nice<\/strong><\/span><\/p>\n<p><span>Telefon:\u00a0<a href=\"tel:+420377240742\">+420 377 240 742<\/a><br \/>Email:\u00a0<a href=\"mailto:info@reznictviukvardu.cz\">info@reznictviukvardu.cz<\/a><\/span><\/p>\n<p>[\/et_pb_blurb][dsm_business_hours _builder_version=&#8220;4.27.3&#8243; _module_preset=&#8220;default&#8220; max_width=&#8220;84%&#8220; global_colors_info=&#8220;{}&#8220; theme_builder_area=&#8220;post_content&#8220;][dsm_business_hours_child time=&#8220;07:00 &#8211; 18:00&#8243; title=&#8220;Pond\u011bl\u00ed&#8220; _builder_version=&#8220;4.27.3&#8243; _module_preset=&#8220;default&#8220; global_colors_info=&#8220;{}&#8220; theme_builder_area=&#8220;post_content&#8220;][\/dsm_business_hours_child][dsm_business_hours_child time=&#8220;07:00 &#8211; 18:00&#8243; title=&#8220;\u00dater\u00fd&#8220; _builder_version=&#8220;4.27.3&#8243; _module_preset=&#8220;default&#8220; global_colors_info=&#8220;{}&#8220; theme_builder_area=&#8220;post_content&#8220;][\/dsm_business_hours_child][dsm_business_hours_child time=&#8220;07:00 &#8211; 18:00&#8243; title=&#8220;St\u0159eda&#8220; _builder_version=&#8220;4.27.3&#8243; _module_preset=&#8220;default&#8220; global_colors_info=&#8220;{}&#8220; theme_builder_area=&#8220;post_content&#8220;][\/dsm_business_hours_child][dsm_business_hours_child time=&#8220;07:00 &#8211; 18:00&#8243; title=&#8220;\u010ctvrtek&#8220; _builder_version=&#8220;4.27.3&#8243; _module_preset=&#8220;default&#8220; global_colors_info=&#8220;{}&#8220; theme_builder_area=&#8220;post_content&#8220;][\/dsm_business_hours_child][dsm_business_hours_child time=&#8220;07:00 &#8211; 18:00&#8243; title=&#8220;P\u00e1tek&#8220; _builder_version=&#8220;4.27.3&#8243; _module_preset=&#8220;default&#8220; global_colors_info=&#8220;{}&#8220; theme_builder_area=&#8220;post_content&#8220;][\/dsm_business_hours_child][dsm_business_hours_child time=&#8220;07:00 &#8211; 12:00&#8243; title=&#8220;Sobota&#8220; _builder_version=&#8220;4.27.3&#8243; _module_preset=&#8220;default&#8220; global_colors_info=&#8220;{}&#8220; theme_builder_area=&#8220;post_content&#8220;][\/dsm_business_hours_child][dsm_business_hours_child time=&#8220;Zav\u0159eno&#8220; title=&#8220;Ned\u011ble&#8220; _builder_version=&#8220;4.27.3&#8243; _module_preset=&#8220;default&#8220; global_colors_info=&#8220;{}&#8220; theme_builder_area=&#8220;post_content&#8220;][\/dsm_business_hours_child][\/dsm_business_hours][\/et_pb_column_inner][\/et_pb_row_inner][\/et_pb_column][et_pb_column type=&#8220;1_3&#8243; _builder_version=&#8220;4.16&#8243; custom_padding=&#8220;|||&#8220; global_colors_info=&#8220;{}&#8220; custom_padding__hover=&#8220;|||&#8220; theme_builder_area=&#8220;post_content&#8220;][et_pb_divider show_divider=&#8220;off&#8220; _builder_version=&#8220;4.22.0&#8243; _module_preset=&#8220;default&#8220; height_tablet=&#8220;40vw&#8220; height_phone=&#8220;40vw&#8220; height_last_edited=&#8220;on|desktop&#8220; global_colors_info=&#8220;{}&#8220; theme_builder_area=&#8220;post_content&#8220;][\/et_pb_divider][\/et_pb_column][\/et_pb_section]<\/p>\n","protected":false},"excerpt":{"rendered":"<p>I. Z\u00e1kladn\u00ed ustanoven\u00ed Spr\u00e1vcem osobn\u00edch \u00fadaj\u016f podle \u010dl. 4 bod 7 na\u0159\u00edzen\u00ed Evropsk\u00e9ho parlamentu a Rady (EU) 2016\/679 o ochran\u011b fyzick\u00fdch osob v souvislosti se zpracov\u00e1n\u00edm osobn\u00edch \u00fadaj\u016f a o voln\u00e9m pohybu t\u011bchto \u00fadaj\u016f (d\u00e1le jen: \u201eGDPR\u201d) je KVARDA spol. s r.o., I\u010c 64830861 se s\u00eddlem Plzeneck\u00e1 220\/2, V\u00fdchodn\u00ed P\u0159edm\u011bst\u00ed, 326 00 Plze\u0148 \u201dd\u00e1le jen: [&hellip;]<\/p>\n","protected":false},"author":1,"featured_media":0,"parent":0,"menu_order":0,"comment_status":"closed","ping_status":"closed","template":"","meta":{"_et_pb_use_builder":"on","_et_pb_old_content":"<!-- wp:heading -->\n<h2 class=\"wp-block-heading\">Who we are<\/h2>\n<!-- \/wp:heading -->\n<!-- wp:paragraph -->\n<p><strong class=\"privacy-policy-tutorial\">Suggested text: <\/strong>Our website address is: https:\/\/kvarda.webdemo.cz.<\/p>\n<!-- \/wp:paragraph -->\n<!-- wp:heading -->\n<h2 class=\"wp-block-heading\">Comments<\/h2>\n<!-- \/wp:heading -->\n<!-- wp:paragraph -->\n<p><strong class=\"privacy-policy-tutorial\">Suggested text: <\/strong>When visitors leave comments on the site we collect the data shown in the comments form, and also the visitor&#8217;s IP address and browser user agent string to help spam detection.<\/p>\n<!-- \/wp:paragraph -->\n<!-- wp:paragraph -->\n<p>An anonymized string created from your email address (also called a hash) may be provided to the Gravatar service to see if you are using it. The Gravatar service privacy policy is available here: https:\/\/automattic.com\/privacy\/. After approval of your comment, your profile picture is visible to the public in the context of your comment.<\/p>\n<!-- \/wp:paragraph -->\n<!-- wp:heading -->\n<h2 class=\"wp-block-heading\">Media<\/h2>\n<!-- \/wp:heading -->\n<!-- wp:paragraph -->\n<p><strong class=\"privacy-policy-tutorial\">Suggested text: <\/strong>If you upload images to the website, you should avoid uploading images with embedded location data (EXIF GPS) included. Visitors to the website can download and extract any location data from images on the website.<\/p>\n<!-- \/wp:paragraph -->\n<!-- wp:heading -->\n<h2 class=\"wp-block-heading\">Cookies<\/h2>\n<!-- \/wp:heading -->\n<!-- wp:paragraph -->\n<p><strong class=\"privacy-policy-tutorial\">Suggested text: <\/strong>If you leave a comment on our site you may opt-in to saving your name, email address and website in cookies. These are for your convenience so that you do not have to fill in your details again when you leave another comment. These cookies will last for one year.<\/p>\n<!-- \/wp:paragraph -->\n<!-- wp:paragraph -->\n<p>If you visit our login page, we will set a temporary cookie to determine if your browser accepts cookies. This cookie contains no personal data and is discarded when you close your browser.<\/p>\n<!-- \/wp:paragraph -->\n<!-- wp:paragraph -->\n<p>When you log in, we will also set up several cookies to save your login information and your screen display choices. Login cookies last for two days, and screen options cookies last for a year. If you select &quot;Remember Me&quot;, your login will persist for two weeks. If you log out of your account, the login cookies will be removed.<\/p>\n<!-- \/wp:paragraph -->\n<!-- wp:paragraph -->\n<p>If you edit or publish an article, an additional cookie will be saved in your browser. This cookie includes no personal data and simply indicates the post ID of the article you just edited. It expires after 1 day.<\/p>\n<!-- \/wp:paragraph -->\n<!-- wp:heading -->\n<h2 class=\"wp-block-heading\">Embedded content from other websites<\/h2>\n<!-- \/wp:heading -->\n<!-- wp:paragraph -->\n<p><strong class=\"privacy-policy-tutorial\">Suggested text: <\/strong>Articles on this site may include embedded content (e.g. videos, images, articles, etc.). Embedded content from other websites behaves in the exact same way as if the visitor has visited the other website.<\/p>\n<!-- \/wp:paragraph -->\n<!-- wp:paragraph -->\n<p>These websites may collect data about you, use cookies, embed additional third-party tracking, and monitor your interaction with that embedded content, including tracking your interaction with the embedded content if you have an account and are logged in to that website.<\/p>\n<!-- \/wp:paragraph -->\n<!-- wp:heading -->\n<h2 class=\"wp-block-heading\">Who we share your data with<\/h2>\n<!-- \/wp:heading -->\n<!-- wp:paragraph -->\n<p><strong class=\"privacy-policy-tutorial\">Suggested text: <\/strong>If you request a password reset, your IP address will be included in the reset email.<\/p>\n<!-- \/wp:paragraph -->\n<!-- wp:heading -->\n<h2 class=\"wp-block-heading\">How long we retain your data<\/h2>\n<!-- \/wp:heading -->\n<!-- wp:paragraph -->\n<p><strong class=\"privacy-policy-tutorial\">Suggested text: <\/strong>If you leave a comment, the comment and its metadata are retained indefinitely. This is so we can recognize and approve any follow-up comments automatically instead of holding them in a moderation queue.<\/p>\n<!-- \/wp:paragraph -->\n<!-- wp:paragraph -->\n<p>For users that register on our website (if any), we also store the personal information they provide in their user profile. All users can see, edit, or delete their personal information at any time (except they cannot change their username). Website administrators can also see and edit that information.<\/p>\n<!-- \/wp:paragraph -->\n<!-- wp:heading -->\n<h2 class=\"wp-block-heading\">What rights you have over your data<\/h2>\n<!-- \/wp:heading -->\n<!-- wp:paragraph -->\n<p><strong class=\"privacy-policy-tutorial\">Suggested text: <\/strong>If you have an account on this site, or have left comments, you can request to receive an exported file of the personal data we hold about you, including any data you have provided to us. You can also request that we erase any personal data we hold about you. This does not include any data we are obliged to keep for administrative, legal, or security purposes.<\/p>\n<!-- \/wp:paragraph -->\n<!-- wp:heading -->\n<h2 class=\"wp-block-heading\">Where your data is sent<\/h2>\n<!-- \/wp:heading -->\n<!-- wp:paragraph -->\n<p><strong class=\"privacy-policy-tutorial\">Suggested text: <\/strong>Visitor comments may be checked through an automated spam detection service.<\/p>\n<!-- \/wp:paragraph -->\n","_et_gb_content_width":"","footnotes":""},"class_list":["post-3","page","type-page","status-publish","hentry"],"_links":{"self":[{"href":"https:\/\/kvarda.webdemo.cz\/index.php\/wp-json\/wp\/v2\/pages\/3","targetHints":{"allow":["GET"]}}],"collection":[{"href":"https:\/\/kvarda.webdemo.cz\/index.php\/wp-json\/wp\/v2\/pages"}],"about":[{"href":"https:\/\/kvarda.webdemo.cz\/index.php\/wp-json\/wp\/v2\/types\/page"}],"author":[{"embeddable":true,"href":"https:\/\/kvarda.webdemo.cz\/index.php\/wp-json\/wp\/v2\/users\/1"}],"replies":[{"embeddable":true,"href":"https:\/\/kvarda.webdemo.cz\/index.php\/wp-json\/wp\/v2\/comments?post=3"}],"version-history":[{"count":3,"href":"https:\/\/kvarda.webdemo.cz\/index.php\/wp-json\/wp\/v2\/pages\/3\/revisions"}],"predecessor-version":[{"id":314,"href":"https:\/\/kvarda.webdemo.cz\/index.php\/wp-json\/wp\/v2\/pages\/3\/revisions\/314"}],"wp:attachment":[{"href":"https:\/\/kvarda.webdemo.cz\/index.php\/wp-json\/wp\/v2\/media?parent=3"}],"curies":[{"name":"wp","href":"https:\/\/api.w.org\/{rel}","templated":true}]}}